{"id":104,"date":"2011-01-27T15:03:57","date_gmt":"2011-01-27T15:03:57","guid":{"rendered":"http:\/\/www.cyril-kalisz.org\/?page_id=104"},"modified":"2016-01-16T08:52:08","modified_gmt":"2016-01-16T08:52:08","slug":"latelier","status":"publish","type":"page","link":"http:\/\/www.cyril-kalisz.org\/?page_id=104","title":{"rendered":"L&rsquo;atelier"},"content":{"rendered":"<p>Arriv\u00e9 en basse Corr\u00e8ze en Juin 2012, nous nous sommes install\u00e9 en famille sur un terrain vierge avec notre yourte. Installation temporaire , le temps de construire notre maison.<\/p>\n<p>Pour commencer, nous avons construit un abri-bois \u00e0 fin d&rsquo;y abriter nos outils, notre bois de chauffage, et un petit atelier Bois-Metal.<\/p>\n<p>L&rsquo;adresse :<\/p>\n<p>Cyril Kalisz<\/p>\n<p>Treyssac<\/p>\n<p>19120 Chenailler-Mascheix<\/p>\n<p>Vous\u00a0\u00eates\u00a0l\u00e0 bienvenu !<\/p>\n<p>En image<\/p>\n<p>&nbsp;<\/p>\n<p><!-- index.php -->\n<div\n\tclass=\"ngg-galleryoverview ngg-ajax-pagination-none\"\n\tid=\"ngg-gallery-65ca2d44923ab32f105be5a7707b8662-1\">\n\n    \t\t<!-- Thumbnails -->\n\t\t\t\t<div id=\"ngg-image-0\" class=\"ngg-gallery-thumbnail-box\" >\n\t\t\t\t        <div class=\"ngg-gallery-thumbnail\">\n            <a href=\"http:\/\/www.cyril-kalisz.org\/wp-content\/gallery\/000-2012-Atelier\/27-CouvreJoint.jpg\"\n               title=\"on vis \u00e0 deux\"\n               data-src=\"http:\/\/www.cyril-kalisz.org\/wp-content\/gallery\/000-2012-Atelier\/27-CouvreJoint.jpg\"\n               data-thumbnail=\"http:\/\/www.cyril-kalisz.org\/wp-content\/gallery\/000-2012-Atelier\/thumbs\/thumbs_27-CouvreJoint.jpg\"\n               data-image-id=\"352\"\n               data-title=\"Couvres-joint\"\n               data-description=\"on vis \u00e0 deux\"\n               data-image-slug=\"couvres-joint-1\"\n               class=\"shutterset_65ca2d44923ab32f105be5a7707b8662\">\n                <img\n                    title=\"Couvres-joint\"\n                    alt=\"Couvres-joint\"\n                    src=\"http:\/\/www.cyril-kalisz.org\/wp-content\/gallery\/000-2012-Atelier\/thumbs\/thumbs_27-CouvreJoint.jpg\"\n                    width=\"191\"\n                    height=\"127\"\n                    style=\"max-width:100%;\"\n                \/>\n            <\/a>\n        <\/div>\n\t\t\t\t\t\t\t<\/div> \n\t\t\t\n        \n\t\t\t\t<div id=\"ngg-image-1\" class=\"ngg-gallery-thumbnail-box\" >\n\t\t\t\t        <div class=\"ngg-gallery-thumbnail\">\n            <a href=\"http:\/\/www.cyril-kalisz.org\/wp-content\/gallery\/000-2012-Atelier\/18-Bardage.jpg\"\n               title=\"Apr\u00e8s un peu de travail, un nouveau pent de toiture, une cabane \u00e0 outil et un d\u00e9but d\\&#039;atelier...\"\n               data-src=\"http:\/\/www.cyril-kalisz.org\/wp-content\/gallery\/000-2012-Atelier\/18-Bardage.jpg\"\n               data-thumbnail=\"http:\/\/www.cyril-kalisz.org\/wp-content\/gallery\/000-2012-Atelier\/thumbs\/thumbs_18-Bardage.jpg\"\n               data-image-id=\"344\"\n               data-title=\"On a ferm\u00e9\"\n               data-description=\"Apr\u00e8s un peu de travail, un nouveau pent de toiture, une cabane \u00e0 outil et un d\u00e9but d&#039;atelier...\"\n               data-image-slug=\"on-a-ferme-2\"\n               class=\"shutterset_65ca2d44923ab32f105be5a7707b8662\">\n                <img\n                    title=\"On a ferm\u00e9\"\n                    alt=\"On a ferm\u00e9\"\n                    src=\"http:\/\/www.cyril-kalisz.org\/wp-content\/gallery\/000-2012-Atelier\/thumbs\/thumbs_18-Bardage.jpg\"\n                    width=\"190\"\n                    height=\"127\"\n                    style=\"max-width:100%;\"\n                \/>\n            <\/a>\n        <\/div>\n\t\t\t\t\t\t\t<\/div> \n\t\t\t\n        \n\t\t\t\t<div id=\"ngg-image-2\" class=\"ngg-gallery-thumbnail-box\" >\n\t\t\t\t        <div class=\"ngg-gallery-thumbnail\">\n            <a href=\"http:\/\/www.cyril-kalisz.org\/wp-content\/gallery\/000-2012-Atelier\/19-Fenetre.jpg\"\n               title=\"Plancher et fenetre\"\n               data-src=\"http:\/\/www.cyril-kalisz.org\/wp-content\/gallery\/000-2012-Atelier\/19-Fenetre.jpg\"\n               data-thumbnail=\"http:\/\/www.cyril-kalisz.org\/wp-content\/gallery\/000-2012-Atelier\/thumbs\/thumbs_19-Fenetre.jpg\"\n               data-image-id=\"345\"\n               data-title=\"Le futur atelier bois\/m\u00e9taux\"\n               data-description=\"Plancher et fenetre\"\n               data-image-slug=\"le-futur-atelier-boismetaux-1\"\n               class=\"shutterset_65ca2d44923ab32f105be5a7707b8662\">\n                <img\n                    title=\"Le futur atelier bois\/m\u00e9taux\"\n                    alt=\"Le futur atelier bois\/m\u00e9taux\"\n                    src=\"http:\/\/www.cyril-kalisz.org\/wp-content\/gallery\/000-2012-Atelier\/thumbs\/thumbs_19-Fenetre.jpg\"\n                    width=\"190\"\n                    height=\"127\"\n                    style=\"max-width:100%;\"\n                \/>\n            <\/a>\n        <\/div>\n\t\t\t\t\t\t\t<\/div> \n\t\t\t\n        \n\t\t\t\t<div id=\"ngg-image-3\" class=\"ngg-gallery-thumbnail-box\" >\n\t\t\t\t        <div class=\"ngg-gallery-thumbnail\">\n            <a href=\"http:\/\/www.cyril-kalisz.org\/wp-content\/gallery\/000-2012-Atelier\/21-Isolation.jpg\"\n               title=\"A la mousse P.U et au sypo... c\\&#039;est pas propre mais ce n\\&#039;est pas cher\"\n               data-src=\"http:\/\/www.cyril-kalisz.org\/wp-content\/gallery\/000-2012-Atelier\/21-Isolation.jpg\"\n               data-thumbnail=\"http:\/\/www.cyril-kalisz.org\/wp-content\/gallery\/000-2012-Atelier\/thumbs\/thumbs_21-Isolation.jpg\"\n               data-image-id=\"346\"\n               data-title=\"Isolation des murs\"\n               data-description=\"A la mousse P.U et au sypo... c&#039;est pas propre mais ce n&#039;est pas cher\"\n               data-image-slug=\"isolation-des-murs-1\"\n               class=\"shutterset_65ca2d44923ab32f105be5a7707b8662\">\n                <img\n                    title=\"Isolation des murs\"\n                    alt=\"Isolation des murs\"\n                    src=\"http:\/\/www.cyril-kalisz.org\/wp-content\/gallery\/000-2012-Atelier\/thumbs\/thumbs_21-Isolation.jpg\"\n                    width=\"169\"\n                    height=\"127\"\n                    style=\"max-width:100%;\"\n                \/>\n            <\/a>\n        <\/div>\n\t\t\t\t\t\t\t<\/div> \n\t\t\t\n        \n\t\t\t\t<div id=\"ngg-image-4\" class=\"ngg-gallery-thumbnail-box\" >\n\t\t\t\t        <div class=\"ngg-gallery-thumbnail\">\n            <a href=\"http:\/\/www.cyril-kalisz.org\/wp-content\/gallery\/000-2012-Atelier\/22-coteNord.jpg\"\n               title=\"ce sera le stock de l\\&#039;atelier\"\n               data-src=\"http:\/\/www.cyril-kalisz.org\/wp-content\/gallery\/000-2012-Atelier\/22-coteNord.jpg\"\n               data-thumbnail=\"http:\/\/www.cyril-kalisz.org\/wp-content\/gallery\/000-2012-Atelier\/thumbs\/thumbs_22-coteNord.jpg\"\n               data-image-id=\"347\"\n               data-title=\"Le cote stock\"\n               data-description=\"ce sera le stock de l&#039;atelier\"\n               data-image-slug=\"le-cote-stock-1\"\n               class=\"shutterset_65ca2d44923ab32f105be5a7707b8662\">\n                <img\n                    title=\"Le cote stock\"\n                    alt=\"Le cote stock\"\n                    src=\"http:\/\/www.cyril-kalisz.org\/wp-content\/gallery\/000-2012-Atelier\/thumbs\/thumbs_22-coteNord.jpg\"\n                    width=\"190\"\n                    height=\"127\"\n                    style=\"max-width:100%;\"\n                \/>\n            <\/a>\n        <\/div>\n\t\t\t\t\t\t\t<\/div> \n\t\t\t\n        \n\t\t\t\t<div id=\"ngg-image-5\" class=\"ngg-gallery-thumbnail-box\" >\n\t\t\t\t        <div class=\"ngg-gallery-thumbnail\">\n            <a href=\"http:\/\/www.cyril-kalisz.org\/wp-content\/gallery\/000-2012-Atelier\/23-CoteSud.jpg\"\n               title=\"Les futurs \u00e9tablis face aux jardins\"\n               data-src=\"http:\/\/www.cyril-kalisz.org\/wp-content\/gallery\/000-2012-Atelier\/23-CoteSud.jpg\"\n               data-thumbnail=\"http:\/\/www.cyril-kalisz.org\/wp-content\/gallery\/000-2012-Atelier\/thumbs\/thumbs_23-CoteSud.jpg\"\n               data-image-id=\"348\"\n               data-title=\"Le cote sud\"\n               data-description=\"Les futurs \u00e9tablis face aux jardins\"\n               data-image-slug=\"le-cote-sud-1\"\n               class=\"shutterset_65ca2d44923ab32f105be5a7707b8662\">\n                <img\n                    title=\"Le cote sud\"\n                    alt=\"Le cote sud\"\n                    src=\"http:\/\/www.cyril-kalisz.org\/wp-content\/gallery\/000-2012-Atelier\/thumbs\/thumbs_23-CoteSud.jpg\"\n                    width=\"190\"\n                    height=\"127\"\n                    style=\"max-width:100%;\"\n                \/>\n            <\/a>\n        <\/div>\n\t\t\t\t\t\t\t<\/div> \n\t\t\t\n        \n\t\t\t\t<div id=\"ngg-image-6\" class=\"ngg-gallery-thumbnail-box\" >\n\t\t\t\t        <div class=\"ngg-gallery-thumbnail\">\n            <a href=\"http:\/\/www.cyril-kalisz.org\/wp-content\/gallery\/000-2012-Atelier\/24-LeSite.jpg\"\n               title=\"Plein sud\"\n               data-src=\"http:\/\/www.cyril-kalisz.org\/wp-content\/gallery\/000-2012-Atelier\/24-LeSite.jpg\"\n               data-thumbnail=\"http:\/\/www.cyril-kalisz.org\/wp-content\/gallery\/000-2012-Atelier\/thumbs\/thumbs_24-LeSite.jpg\"\n               data-image-id=\"349\"\n               data-title=\"Fa\u00e7ades sud\"\n               data-description=\"Plein sud\"\n               data-image-slug=\"facades-sud-1\"\n               class=\"shutterset_65ca2d44923ab32f105be5a7707b8662\">\n                <img\n                    title=\"Fa\u00e7ades sud\"\n                    alt=\"Fa\u00e7ades sud\"\n                    src=\"http:\/\/www.cyril-kalisz.org\/wp-content\/gallery\/000-2012-Atelier\/thumbs\/thumbs_24-LeSite.jpg\"\n                    width=\"270\"\n                    height=\"61\"\n                    style=\"max-width:100%;\"\n                \/>\n            <\/a>\n        <\/div>\n\t\t\t\t\t\t\t<\/div> \n\t\t\t\n        \n\t\t\t\t<div id=\"ngg-image-7\" class=\"ngg-gallery-thumbnail-box\" >\n\t\t\t\t        <div class=\"ngg-gallery-thumbnail\">\n            <a href=\"http:\/\/www.cyril-kalisz.org\/wp-content\/gallery\/000-2012-Atelier\/25-AbrisBois.jpg\"\n               title=\"Voila l\\&#039;abris bois!\"\n               data-src=\"http:\/\/www.cyril-kalisz.org\/wp-content\/gallery\/000-2012-Atelier\/25-AbrisBois.jpg\"\n               data-thumbnail=\"http:\/\/www.cyril-kalisz.org\/wp-content\/gallery\/000-2012-Atelier\/thumbs\/thumbs_25-AbrisBois.jpg\"\n               data-image-id=\"350\"\n               data-title=\"L\\&#039;abris bois\"\n               data-description=\"Voila l&#039;abris bois!\"\n               data-image-slug=\"labris-bois-1\"\n               class=\"shutterset_65ca2d44923ab32f105be5a7707b8662\">\n                <img\n                    title=\"L\\&#039;abris bois\"\n                    alt=\"L\\&#039;abris bois\"\n                    src=\"http:\/\/www.cyril-kalisz.org\/wp-content\/gallery\/000-2012-Atelier\/thumbs\/thumbs_25-AbrisBois.jpg\"\n                    width=\"190\"\n                    height=\"127\"\n                    style=\"max-width:100%;\"\n                \/>\n            <\/a>\n        <\/div>\n\t\t\t\t\t\t\t<\/div> \n\t\t\t\n        \n\t\t\t\t<div id=\"ngg-image-8\" class=\"ngg-gallery-thumbnail-box\" >\n\t\t\t\t        <div class=\"ngg-gallery-thumbnail\">\n            <a href=\"http:\/\/www.cyril-kalisz.org\/wp-content\/gallery\/000-2012-Atelier\/26-DuDessus.jpg\"\n               title=\"vue du nord, de l\u2019entr\u00e9e du terrain (orient\u00e9 plein sud)\"\n               data-src=\"http:\/\/www.cyril-kalisz.org\/wp-content\/gallery\/000-2012-Atelier\/26-DuDessus.jpg\"\n               data-thumbnail=\"http:\/\/www.cyril-kalisz.org\/wp-content\/gallery\/000-2012-Atelier\/thumbs\/thumbs_26-DuDessus.jpg\"\n               data-image-id=\"351\"\n               data-title=\"Vue du nord\"\n               data-description=\"vue du nord, de l\u2019entr\u00e9e du terrain (orient\u00e9 plein sud)\"\n               data-image-slug=\"vue-du-nord-1\"\n               class=\"shutterset_65ca2d44923ab32f105be5a7707b8662\">\n                <img\n                    title=\"Vue du nord\"\n                    alt=\"Vue du nord\"\n                    src=\"http:\/\/www.cyril-kalisz.org\/wp-content\/gallery\/000-2012-Atelier\/thumbs\/thumbs_26-DuDessus.jpg\"\n                    width=\"190\"\n                    height=\"127\"\n                    style=\"max-width:100%;\"\n                \/>\n            <\/a>\n        <\/div>\n\t\t\t\t\t\t\t<\/div> \n\t\t\t\n        \n\t\t\t\t<div id=\"ngg-image-9\" class=\"ngg-gallery-thumbnail-box\" >\n\t\t\t\t        <div class=\"ngg-gallery-thumbnail\">\n            <a href=\"http:\/\/www.cyril-kalisz.org\/wp-content\/gallery\/000-2012-Atelier\/17-Agrendissement.jpg\"\n               title=\"Plan large avec vue sur les 11 st\u00e8res qui attendent sous les baches\"\n               data-src=\"http:\/\/www.cyril-kalisz.org\/wp-content\/gallery\/000-2012-Atelier\/17-Agrendissement.jpg\"\n               data-thumbnail=\"http:\/\/www.cyril-kalisz.org\/wp-content\/gallery\/000-2012-Atelier\/thumbs\/thumbs_17-Agrendissement.jpg\"\n               data-image-id=\"343\"\n               data-title=\"Plan large\"\n               data-description=\"Plan large avec vue sur les 11 st\u00e8res qui attendent sous les baches\"\n               data-image-slug=\"plan-large-2\"\n               class=\"shutterset_65ca2d44923ab32f105be5a7707b8662\">\n                <img\n                    title=\"Plan large\"\n                    alt=\"Plan large\"\n                    src=\"http:\/\/www.cyril-kalisz.org\/wp-content\/gallery\/000-2012-Atelier\/thumbs\/thumbs_17-Agrendissement.jpg\"\n                    width=\"270\"\n                    height=\"61\"\n                    style=\"max-width:100%;\"\n                \/>\n            <\/a>\n        <\/div>\n\t\t\t\t\t\t\t<\/div> \n\t\t\t\n        \n\t\t\t\t<div id=\"ngg-image-10\" class=\"ngg-gallery-thumbnail-box\" >\n\t\t\t\t        <div class=\"ngg-gallery-thumbnail\">\n            <a href=\"http:\/\/www.cyril-kalisz.org\/wp-content\/gallery\/000-2012-Atelier\/28-IsolationPlafond.jpg\"\n               title=\"Isolation du toit avec Patrick\"\n               data-src=\"http:\/\/www.cyril-kalisz.org\/wp-content\/gallery\/000-2012-Atelier\/28-IsolationPlafond.jpg\"\n               data-thumbnail=\"http:\/\/www.cyril-kalisz.org\/wp-content\/gallery\/000-2012-Atelier\/thumbs\/thumbs_28-IsolationPlafond.jpg\"\n               data-image-id=\"353\"\n               data-title=\"Isolation du toit\"\n               data-description=\"Isolation du toit avec Patrick\"\n               data-image-slug=\"isolation-du-toit-1\"\n               class=\"shutterset_65ca2d44923ab32f105be5a7707b8662\">\n                <img\n                    title=\"Isolation du toit\"\n                    alt=\"Isolation du toit\"\n                    src=\"http:\/\/www.cyril-kalisz.org\/wp-content\/gallery\/000-2012-Atelier\/thumbs\/thumbs_28-IsolationPlafond.jpg\"\n                    width=\"169\"\n                    height=\"127\"\n                    style=\"max-width:100%;\"\n                \/>\n            <\/a>\n        <\/div>\n\t\t\t\t\t\t\t<\/div> \n\t\t\t\n        \n\t\t\t\t<div id=\"ngg-image-11\" class=\"ngg-gallery-thumbnail-box\" >\n\t\t\t\t        <div class=\"ngg-gallery-thumbnail\">\n            <a href=\"http:\/\/www.cyril-kalisz.org\/wp-content\/gallery\/000-2012-Atelier\/29-Depoussierrage.jpg\"\n               title=\"Petite aide de ma grande fille\"\n               data-src=\"http:\/\/www.cyril-kalisz.org\/wp-content\/gallery\/000-2012-Atelier\/29-Depoussierrage.jpg\"\n               data-thumbnail=\"http:\/\/www.cyril-kalisz.org\/wp-content\/gallery\/000-2012-Atelier\/thumbs\/thumbs_29-Depoussierrage.jpg\"\n               data-image-id=\"354\"\n               data-title=\"On nettoie avant de visser\"\n               data-description=\"Petite aide de ma grande fille\"\n               data-image-slug=\"on-nettoie-avant-de-visser-2\"\n               class=\"shutterset_65ca2d44923ab32f105be5a7707b8662\">\n                <img\n                    title=\"On nettoie avant de visser\"\n                    alt=\"On nettoie avant de visser\"\n                    src=\"http:\/\/www.cyril-kalisz.org\/wp-content\/gallery\/000-2012-Atelier\/thumbs\/thumbs_29-Depoussierrage.jpg\"\n                    width=\"169\"\n                    height=\"127\"\n                    style=\"max-width:100%;\"\n                \/>\n            <\/a>\n        <\/div>\n\t\t\t\t\t\t\t<\/div> \n\t\t\t\n        \n\t\t\t\t<div id=\"ngg-image-12\" class=\"ngg-gallery-thumbnail-box\" >\n\t\t\t\t        <div class=\"ngg-gallery-thumbnail\">\n            <a href=\"http:\/\/www.cyril-kalisz.org\/wp-content\/gallery\/000-2012-Atelier\/30-LeTour.jpg\"\n               title=\"En premier : Le tour a bois... faut dire qu\\&#039;il est grand !\"\n               data-src=\"http:\/\/www.cyril-kalisz.org\/wp-content\/gallery\/000-2012-Atelier\/30-LeTour.jpg\"\n               data-thumbnail=\"http:\/\/www.cyril-kalisz.org\/wp-content\/gallery\/000-2012-Atelier\/thumbs\/thumbs_30-LeTour.jpg\"\n               data-image-id=\"355\"\n               data-title=\"En premier\"\n               data-description=\"En premier : Le tour a bois... faut dire qu&#039;il est grand !\"\n               data-image-slug=\"en-premier-2\"\n               class=\"shutterset_65ca2d44923ab32f105be5a7707b8662\">\n                <img\n                    title=\"En premier\"\n                    alt=\"En premier\"\n                    src=\"http:\/\/www.cyril-kalisz.org\/wp-content\/gallery\/000-2012-Atelier\/thumbs\/thumbs_30-LeTour.jpg\"\n                    width=\"190\"\n                    height=\"127\"\n                    style=\"max-width:100%;\"\n                \/>\n            <\/a>\n        <\/div>\n\t\t\t\t\t\t\t<\/div> \n\t\t\t\n        \n\t\t\t\t<div id=\"ngg-image-13\" class=\"ngg-gallery-thumbnail-box\" >\n\t\t\t\t        <div class=\"ngg-gallery-thumbnail\">\n            <a href=\"http:\/\/www.cyril-kalisz.org\/wp-content\/gallery\/000-2012-Atelier\/31-LaScie.jpg\"\n               title=\"Arrivent petit \u00e0 petit les machines\"\n               data-src=\"http:\/\/www.cyril-kalisz.org\/wp-content\/gallery\/000-2012-Atelier\/31-LaScie.jpg\"\n               data-thumbnail=\"http:\/\/www.cyril-kalisz.org\/wp-content\/gallery\/000-2012-Atelier\/thumbs\/thumbs_31-LaScie.jpg\"\n               data-image-id=\"356\"\n               data-title=\"La suite\"\n               data-description=\"Arrivent petit \u00e0 petit les machines\"\n               data-image-slug=\"la-suite-3\"\n               class=\"shutterset_65ca2d44923ab32f105be5a7707b8662\">\n                <img\n                    title=\"La suite\"\n                    alt=\"La suite\"\n                    src=\"http:\/\/www.cyril-kalisz.org\/wp-content\/gallery\/000-2012-Atelier\/thumbs\/thumbs_31-LaScie.jpg\"\n                    width=\"190\"\n                    height=\"127\"\n                    style=\"max-width:100%;\"\n                \/>\n            <\/a>\n        <\/div>\n\t\t\t\t\t\t\t<\/div> \n\t\t\t\n        \n\t\t\t\t<div id=\"ngg-image-14\" class=\"ngg-gallery-thumbnail-box\" >\n\t\t\t\t        <div class=\"ngg-gallery-thumbnail\">\n            <a href=\"http:\/\/www.cyril-kalisz.org\/wp-content\/gallery\/000-2012-Atelier\/32-LeBack.jpg\"\n               title=\"Les \u00e9tablis, la scie \u00e0 ruban, le back-stand...\"\n               data-src=\"http:\/\/www.cyril-kalisz.org\/wp-content\/gallery\/000-2012-Atelier\/32-LeBack.jpg\"\n               data-thumbnail=\"http:\/\/www.cyril-kalisz.org\/wp-content\/gallery\/000-2012-Atelier\/thumbs\/thumbs_32-LeBack.jpg\"\n               data-image-id=\"357\"\n               data-title=\"Les \u00e9tablis\"\n               data-description=\"Les \u00e9tablis, la scie \u00e0 ruban, le back-stand...\"\n               data-image-slug=\"les-etablis-2\"\n               class=\"shutterset_65ca2d44923ab32f105be5a7707b8662\">\n                <img\n                    title=\"Les \u00e9tablis\"\n                    alt=\"Les \u00e9tablis\"\n                    src=\"http:\/\/www.cyril-kalisz.org\/wp-content\/gallery\/000-2012-Atelier\/thumbs\/thumbs_32-LeBack.jpg\"\n                    width=\"190\"\n                    height=\"127\"\n                    style=\"max-width:100%;\"\n                \/>\n            <\/a>\n        <\/div>\n\t\t\t\t\t\t\t<\/div> \n\t\t\t\n        \n\t\t\t\t<div id=\"ngg-image-15\" class=\"ngg-gallery-thumbnail-box\" >\n\t\t\t\t        <div class=\"ngg-gallery-thumbnail\">\n            <a href=\"http:\/\/www.cyril-kalisz.org\/wp-content\/gallery\/000-2012-Atelier\/33-PetitAPetit.jpg\"\n               title=\"Puis Les fours, les moteurs, le petit tank..\"\n               data-src=\"http:\/\/www.cyril-kalisz.org\/wp-content\/gallery\/000-2012-Atelier\/33-PetitAPetit.jpg\"\n               data-thumbnail=\"http:\/\/www.cyril-kalisz.org\/wp-content\/gallery\/000-2012-Atelier\/thumbs\/thumbs_33-PetitAPetit.jpg\"\n               data-image-id=\"358\"\n               data-title=\"La suite\"\n               data-description=\"Puis Les fours, les moteurs, le petit tank..\"\n               data-image-slug=\"la-suite\"\n               class=\"shutterset_65ca2d44923ab32f105be5a7707b8662\">\n                <img\n                    title=\"La suite\"\n                    alt=\"La suite\"\n                    src=\"http:\/\/www.cyril-kalisz.org\/wp-content\/gallery\/000-2012-Atelier\/thumbs\/thumbs_33-PetitAPetit.jpg\"\n                    width=\"190\"\n                    height=\"127\"\n                    style=\"max-width:100%;\"\n                \/>\n            <\/a>\n        <\/div>\n\t\t\t\t\t\t\t<\/div> \n\t\t\t\n        \n\t\t\t\t<div id=\"ngg-image-16\" class=\"ngg-gallery-thumbnail-box\" >\n\t\t\t\t        <div class=\"ngg-gallery-thumbnail\">\n            <a href=\"http:\/\/www.cyril-kalisz.org\/wp-content\/gallery\/000-2012-Atelier\/34-CestParti.jpg\"\n               title=\"Et voila tout install\u00e9, pret \u00e0 travailler\"\n               data-src=\"http:\/\/www.cyril-kalisz.org\/wp-content\/gallery\/000-2012-Atelier\/34-CestParti.jpg\"\n               data-thumbnail=\"http:\/\/www.cyril-kalisz.org\/wp-content\/gallery\/000-2012-Atelier\/thumbs\/thumbs_34-CestParti.jpg\"\n               data-image-id=\"359\"\n               data-title=\"Enfin\"\n               data-description=\"Et voila tout install\u00e9, pret \u00e0 travailler\"\n               data-image-slug=\"enfin-2\"\n               class=\"shutterset_65ca2d44923ab32f105be5a7707b8662\">\n                <img\n                    title=\"Enfin\"\n                    alt=\"Enfin\"\n                    src=\"http:\/\/www.cyril-kalisz.org\/wp-content\/gallery\/000-2012-Atelier\/thumbs\/thumbs_34-CestParti.jpg\"\n                    width=\"190\"\n                    height=\"127\"\n                    style=\"max-width:100%;\"\n                \/>\n            <\/a>\n        <\/div>\n\t\t\t\t\t\t\t<\/div> \n\t\t\t\n        \n\t\t\t\t<div id=\"ngg-image-17\" class=\"ngg-gallery-thumbnail-box\" >\n\t\t\t\t        <div class=\"ngg-gallery-thumbnail\">\n            <a href=\"http:\/\/www.cyril-kalisz.org\/wp-content\/gallery\/000-2012-Atelier\/35-VueLarge.jpg\"\n               title=\"Une derni\u00e8re image des \u00e9tablis.\"\n               data-src=\"http:\/\/www.cyril-kalisz.org\/wp-content\/gallery\/000-2012-Atelier\/35-VueLarge.jpg\"\n               data-thumbnail=\"http:\/\/www.cyril-kalisz.org\/wp-content\/gallery\/000-2012-Atelier\/thumbs\/thumbs_35-VueLarge.jpg\"\n               data-image-id=\"360\"\n               data-title=\"Une derni\u00e8re\"\n               data-description=\"Une derni\u00e8re image des \u00e9tablis.\"\n               data-image-slug=\"une-derniere\"\n               class=\"shutterset_65ca2d44923ab32f105be5a7707b8662\">\n                <img\n                    title=\"Une derni\u00e8re\"\n                    alt=\"Une derni\u00e8re\"\n                    src=\"http:\/\/www.cyril-kalisz.org\/wp-content\/gallery\/000-2012-Atelier\/thumbs\/thumbs_35-VueLarge.jpg\"\n                    width=\"270\"\n                    height=\"99\"\n                    style=\"max-width:100%;\"\n                \/>\n            <\/a>\n        <\/div>\n\t\t\t\t\t\t\t<\/div> \n\t\t\t\n        \n\t\t\t\t<div id=\"ngg-image-18\" class=\"ngg-gallery-thumbnail-box\" >\n\t\t\t\t        <div class=\"ngg-gallery-thumbnail\">\n            <a href=\"http:\/\/www.cyril-kalisz.org\/wp-content\/gallery\/000-2012-Atelier\/09-Tournemanege.jpg\"\n               title=\"Faut que \u00e7a coule\"\n               data-src=\"http:\/\/www.cyril-kalisz.org\/wp-content\/gallery\/000-2012-Atelier\/09-Tournemanege.jpg\"\n               data-thumbnail=\"http:\/\/www.cyril-kalisz.org\/wp-content\/gallery\/000-2012-Atelier\/thumbs\/thumbs_09-Tournemanege.jpg\"\n               data-image-id=\"335\"\n               data-title=\"La betonni\u00e8re\"\n               data-description=\"Faut que \u00e7a coule\"\n               data-image-slug=\"la-betonniere\"\n               class=\"shutterset_65ca2d44923ab32f105be5a7707b8662\">\n                <img\n                    title=\"La betonni\u00e8re\"\n                    alt=\"La betonni\u00e8re\"\n                    src=\"http:\/\/www.cyril-kalisz.org\/wp-content\/gallery\/000-2012-Atelier\/thumbs\/thumbs_09-Tournemanege.jpg\"\n                    width=\"84\"\n                    height=\"127\"\n                    style=\"max-width:100%;\"\n                \/>\n            <\/a>\n        <\/div>\n\t\t\t\t\t\t\t<\/div> \n\t\t\t\n        \n\t\t\t\t<div id=\"ngg-image-19\" class=\"ngg-gallery-thumbnail-box\" >\n\t\t\t\t        <div class=\"ngg-gallery-thumbnail\">\n            <a href=\"http:\/\/www.cyril-kalisz.org\/wp-content\/gallery\/000-2012-Atelier\/01-TasDeBois.jpg\"\n               title=\"les premi\u00e8res st\u00e8res\"\n               data-src=\"http:\/\/www.cyril-kalisz.org\/wp-content\/gallery\/000-2012-Atelier\/01-TasDeBois.jpg\"\n               data-thumbnail=\"http:\/\/www.cyril-kalisz.org\/wp-content\/gallery\/000-2012-Atelier\/thumbs\/thumbs_01-TasDeBois.jpg\"\n               data-image-id=\"327\"\n               data-title=\"Un tas de bois\"\n               data-description=\"les premi\u00e8res st\u00e8res\"\n               data-image-slug=\"un-tas-de-bois-2\"\n               class=\"shutterset_65ca2d44923ab32f105be5a7707b8662\">\n                <img\n                    title=\"Un tas de bois\"\n                    alt=\"Un tas de bois\"\n                    src=\"http:\/\/www.cyril-kalisz.org\/wp-content\/gallery\/000-2012-Atelier\/thumbs\/thumbs_01-TasDeBois.jpg\"\n                    width=\"169\"\n                    height=\"127\"\n                    style=\"max-width:100%;\"\n                \/>\n            <\/a>\n        <\/div>\n\t\t\t\t\t\t\t<\/div> \n\t\t\t\n        \n\t\t\t\t<div id=\"ngg-image-20\" class=\"ngg-gallery-thumbnail-box\" >\n\t\t\t\t        <div class=\"ngg-gallery-thumbnail\">\n            <a href=\"http:\/\/www.cyril-kalisz.org\/wp-content\/gallery\/000-2012-Atelier\/02-LeDecors.jpg\"\n               title=\"Vue de l\\&#039;entr\u00e9e du terrain\"\n               data-src=\"http:\/\/www.cyril-kalisz.org\/wp-content\/gallery\/000-2012-Atelier\/02-LeDecors.jpg\"\n               data-thumbnail=\"http:\/\/www.cyril-kalisz.org\/wp-content\/gallery\/000-2012-Atelier\/thumbs\/thumbs_02-LeDecors.jpg\"\n               data-image-id=\"328\"\n               data-title=\"Le Decors\"\n               data-description=\"Vue de l&#039;entr\u00e9e du terrain\"\n               data-image-slug=\"le-decors\"\n               class=\"shutterset_65ca2d44923ab32f105be5a7707b8662\">\n                <img\n                    title=\"Le Decors\"\n                    alt=\"Le Decors\"\n                    src=\"http:\/\/www.cyril-kalisz.org\/wp-content\/gallery\/000-2012-Atelier\/thumbs\/thumbs_02-LeDecors.jpg\"\n                    width=\"169\"\n                    height=\"127\"\n                    style=\"max-width:100%;\"\n                \/>\n            <\/a>\n        <\/div>\n\t\t\t\t\t\t\t<\/div> \n\t\t\t\n        \n\t\t\t\t<div id=\"ngg-image-21\" class=\"ngg-gallery-thumbnail-box\" >\n\t\t\t\t        <div class=\"ngg-gallery-thumbnail\">\n            <a href=\"http:\/\/www.cyril-kalisz.org\/wp-content\/gallery\/000-2012-Atelier\/03-CestParti.jpg\"\n               title=\"Calpinage et rep\u00e8rage\"\n               data-src=\"http:\/\/www.cyril-kalisz.org\/wp-content\/gallery\/000-2012-Atelier\/03-CestParti.jpg\"\n               data-thumbnail=\"http:\/\/www.cyril-kalisz.org\/wp-content\/gallery\/000-2012-Atelier\/thumbs\/thumbs_03-CestParti.jpg\"\n               data-image-id=\"329\"\n               data-title=\"Allons-y\"\n               data-description=\"Calpinage et rep\u00e8rage\"\n               data-image-slug=\"allons-y\"\n               class=\"shutterset_65ca2d44923ab32f105be5a7707b8662\">\n                <img\n                    title=\"Allons-y\"\n                    alt=\"Allons-y\"\n                    src=\"http:\/\/www.cyril-kalisz.org\/wp-content\/gallery\/000-2012-Atelier\/thumbs\/thumbs_03-CestParti.jpg\"\n                    width=\"190\"\n                    height=\"127\"\n                    style=\"max-width:100%;\"\n                \/>\n            <\/a>\n        <\/div>\n\t\t\t\t\t\t\t<\/div> \n\t\t\t\n        \n\t\t\t\t<div id=\"ngg-image-22\" class=\"ngg-gallery-thumbnail-box\" >\n\t\t\t\t        <div class=\"ngg-gallery-thumbnail\">\n            <a href=\"http:\/\/www.cyril-kalisz.org\/wp-content\/gallery\/000-2012-Atelier\/04-UnTrouParCi.jpg\"\n               title=\"Fondations et plots de chataigners\"\n               data-src=\"http:\/\/www.cyril-kalisz.org\/wp-content\/gallery\/000-2012-Atelier\/04-UnTrouParCi.jpg\"\n               data-thumbnail=\"http:\/\/www.cyril-kalisz.org\/wp-content\/gallery\/000-2012-Atelier\/thumbs\/thumbs_04-UnTrouParCi.jpg\"\n               data-image-id=\"330\"\n               data-title=\"Un trou par ci, un trou par l\u00e0\"\n               data-description=\"Fondations et plots de chataigners\"\n               data-image-slug=\"un-trou-par-ci-un-trou-par-la\"\n               class=\"shutterset_65ca2d44923ab32f105be5a7707b8662\">\n                <img\n                    title=\"Un trou par ci, un trou par l\u00e0\"\n                    alt=\"Un trou par ci, un trou par l\u00e0\"\n                    src=\"http:\/\/www.cyril-kalisz.org\/wp-content\/gallery\/000-2012-Atelier\/thumbs\/thumbs_04-UnTrouParCi.jpg\"\n                    width=\"169\"\n                    height=\"127\"\n                    style=\"max-width:100%;\"\n                \/>\n            <\/a>\n        <\/div>\n\t\t\t\t\t\t\t<\/div> \n\t\t\t\n        \n\t\t\t\t<div id=\"ngg-image-23\" class=\"ngg-gallery-thumbnail-box\" >\n\t\t\t\t        <div class=\"ngg-gallery-thumbnail\">\n            <a href=\"http:\/\/www.cyril-kalisz.org\/wp-content\/gallery\/000-2012-Atelier\/05-UnTrouParLa.jpg\"\n               title=\"Haubaner avant de couler\"\n               data-src=\"http:\/\/www.cyril-kalisz.org\/wp-content\/gallery\/000-2012-Atelier\/05-UnTrouParLa.jpg\"\n               data-thumbnail=\"http:\/\/www.cyril-kalisz.org\/wp-content\/gallery\/000-2012-Atelier\/thumbs\/thumbs_05-UnTrouParLa.jpg\"\n               data-image-id=\"331\"\n               data-title=\"Trou et ronds\"\n               data-description=\"Haubaner avant de couler\"\n               data-image-slug=\"trou-et-ronds\"\n               class=\"shutterset_65ca2d44923ab32f105be5a7707b8662\">\n                <img\n                    title=\"Trou et ronds\"\n                    alt=\"Trou et ronds\"\n                    src=\"http:\/\/www.cyril-kalisz.org\/wp-content\/gallery\/000-2012-Atelier\/thumbs\/thumbs_05-UnTrouParLa.jpg\"\n                    width=\"190\"\n                    height=\"127\"\n                    style=\"max-width:100%;\"\n                \/>\n            <\/a>\n        <\/div>\n\t\t\t\t\t\t\t<\/div> \n\t\t\t\n        \n\t\t\t\t<div id=\"ngg-image-24\" class=\"ngg-gallery-thumbnail-box\" >\n\t\t\t\t        <div class=\"ngg-gallery-thumbnail\">\n            <a href=\"http:\/\/www.cyril-kalisz.org\/wp-content\/gallery\/000-2012-Atelier\/06-Panorama1.jpg\"\n               title=\"Vue de l\\&#039;entr\u00e9e\"\n               data-src=\"http:\/\/www.cyril-kalisz.org\/wp-content\/gallery\/000-2012-Atelier\/06-Panorama1.jpg\"\n               data-thumbnail=\"http:\/\/www.cyril-kalisz.org\/wp-content\/gallery\/000-2012-Atelier\/thumbs\/thumbs_06-Panorama1.jpg\"\n               data-image-id=\"332\"\n               data-title=\"Petit Panorama\"\n               data-description=\"Vue de l&#039;entr\u00e9e\"\n               data-image-slug=\"petit-panorama\"\n               class=\"shutterset_65ca2d44923ab32f105be5a7707b8662\">\n                <img\n                    title=\"Petit Panorama\"\n                    alt=\"Petit Panorama\"\n                    src=\"http:\/\/www.cyril-kalisz.org\/wp-content\/gallery\/000-2012-Atelier\/thumbs\/thumbs_06-Panorama1.jpg\"\n                    width=\"270\"\n                    height=\"61\"\n                    style=\"max-width:100%;\"\n                \/>\n            <\/a>\n        <\/div>\n\t\t\t\t\t\t\t<\/div> \n\t\t\t\n        \n\t\t\t\t<div id=\"ngg-image-25\" class=\"ngg-gallery-thumbnail-box\" >\n\t\t\t\t        <div class=\"ngg-gallery-thumbnail\">\n            <a href=\"http:\/\/www.cyril-kalisz.org\/wp-content\/gallery\/000-2012-Atelier\/07-OnCoule.jpg\"\n               title=\"Coulage des plots et fondations\"\n               data-src=\"http:\/\/www.cyril-kalisz.org\/wp-content\/gallery\/000-2012-Atelier\/07-OnCoule.jpg\"\n               data-thumbnail=\"http:\/\/www.cyril-kalisz.org\/wp-content\/gallery\/000-2012-Atelier\/thumbs\/thumbs_07-OnCoule.jpg\"\n               data-image-id=\"333\"\n               data-title=\"On coule\"\n               data-description=\"Coulage des plots et fondations\"\n               data-image-slug=\"on-coule\"\n               class=\"shutterset_65ca2d44923ab32f105be5a7707b8662\">\n                <img\n                    title=\"On coule\"\n                    alt=\"On coule\"\n                    src=\"http:\/\/www.cyril-kalisz.org\/wp-content\/gallery\/000-2012-Atelier\/thumbs\/thumbs_07-OnCoule.jpg\"\n                    width=\"190\"\n                    height=\"127\"\n                    style=\"max-width:100%;\"\n                \/>\n            <\/a>\n        <\/div>\n\t\t\t\t\t\t\t<\/div> \n\t\t\t\n        \n\t\t\t\t<div id=\"ngg-image-26\" class=\"ngg-gallery-thumbnail-box\" >\n\t\t\t\t        <div class=\"ngg-gallery-thumbnail\">\n            <a href=\"http:\/\/www.cyril-kalisz.org\/wp-content\/gallery\/000-2012-Atelier\/08-CaTient.jpg\"\n               title=\"On lisse et on aligne en famille\"\n               data-src=\"http:\/\/www.cyril-kalisz.org\/wp-content\/gallery\/000-2012-Atelier\/08-CaTient.jpg\"\n               data-thumbnail=\"http:\/\/www.cyril-kalisz.org\/wp-content\/gallery\/000-2012-Atelier\/thumbs\/thumbs_08-CaTient.jpg\"\n               data-image-id=\"334\"\n               data-title=\"Alignement\"\n               data-description=\"On lisse et on aligne en famille\"\n               data-image-slug=\"alignement\"\n               class=\"shutterset_65ca2d44923ab32f105be5a7707b8662\">\n                <img\n                    title=\"Alignement\"\n                    alt=\"Alignement\"\n                    src=\"http:\/\/www.cyril-kalisz.org\/wp-content\/gallery\/000-2012-Atelier\/thumbs\/thumbs_08-CaTient.jpg\"\n                    width=\"190\"\n                    height=\"127\"\n                    style=\"max-width:100%;\"\n                \/>\n            <\/a>\n        <\/div>\n\t\t\t\t\t\t\t<\/div> \n\t\t\t\n        \n\t\t\t\t<div id=\"ngg-image-27\" class=\"ngg-gallery-thumbnail-box\" >\n\t\t\t\t        <div class=\"ngg-gallery-thumbnail\">\n            <a href=\"http:\/\/www.cyril-kalisz.org\/wp-content\/gallery\/000-2012-Atelier\/00-AuCommencement.jpg\"\n               title=\"Une belle prairie\"\n               data-src=\"http:\/\/www.cyril-kalisz.org\/wp-content\/gallery\/000-2012-Atelier\/00-AuCommencement.jpg\"\n               data-thumbnail=\"http:\/\/www.cyril-kalisz.org\/wp-content\/gallery\/000-2012-Atelier\/thumbs\/thumbs_00-AuCommencement.jpg\"\n               data-image-id=\"326\"\n               data-title=\"Au commencement\"\n               data-description=\"Une belle prairie\"\n               data-image-slug=\"au-commencement-1\"\n               class=\"shutterset_65ca2d44923ab32f105be5a7707b8662\">\n                <img\n                    title=\"Au commencement\"\n                    alt=\"Au commencement\"\n                    src=\"http:\/\/www.cyril-kalisz.org\/wp-content\/gallery\/000-2012-Atelier\/thumbs\/thumbs_00-AuCommencement.jpg\"\n                    width=\"191\"\n                    height=\"127\"\n                    style=\"max-width:100%;\"\n                \/>\n            <\/a>\n        <\/div>\n\t\t\t\t\t\t\t<\/div> \n\t\t\t\n        \n\t\t\t\t<div id=\"ngg-image-28\" class=\"ngg-gallery-thumbnail-box\" >\n\t\t\t\t        <div class=\"ngg-gallery-thumbnail\">\n            <a href=\"http:\/\/www.cyril-kalisz.org\/wp-content\/gallery\/000-2012-Atelier\/10-CestPasConstruit.jpg\"\n               title=\"Les autres futurs ateliers en dur\"\n               data-src=\"http:\/\/www.cyril-kalisz.org\/wp-content\/gallery\/000-2012-Atelier\/10-CestPasConstruit.jpg\"\n               data-thumbnail=\"http:\/\/www.cyril-kalisz.org\/wp-content\/gallery\/000-2012-Atelier\/thumbs\/thumbs_10-CestPasConstruit.jpg\"\n               data-image-id=\"336\"\n               data-title=\"Le chantier\"\n               data-description=\"Les autres futurs ateliers en dur\"\n               data-image-slug=\"le-chantier\"\n               class=\"shutterset_65ca2d44923ab32f105be5a7707b8662\">\n                <img\n                    title=\"Le chantier\"\n                    alt=\"Le chantier\"\n                    src=\"http:\/\/www.cyril-kalisz.org\/wp-content\/gallery\/000-2012-Atelier\/thumbs\/thumbs_10-CestPasConstruit.jpg\"\n                    width=\"190\"\n                    height=\"127\"\n                    style=\"max-width:100%;\"\n                \/>\n            <\/a>\n        <\/div>\n\t\t\t\t\t\t\t<\/div> \n\t\t\t\n        \n\t\t\t\t<div id=\"ngg-image-29\" class=\"ngg-gallery-thumbnail-box\" >\n\t\t\t\t        <div class=\"ngg-gallery-thumbnail\">\n            <a href=\"http:\/\/www.cyril-kalisz.org\/wp-content\/gallery\/000-2012-Atelier\/11-OnVerrifieLeMatos.jpg\"\n               title=\"On v\u00e9rifie les bateries\"\n               data-src=\"http:\/\/www.cyril-kalisz.org\/wp-content\/gallery\/000-2012-Atelier\/11-OnVerrifieLeMatos.jpg\"\n               data-thumbnail=\"http:\/\/www.cyril-kalisz.org\/wp-content\/gallery\/000-2012-Atelier\/thumbs\/thumbs_11-OnVerrifieLeMatos.jpg\"\n               data-image-id=\"337\"\n               data-title=\"Verrification\"\n               data-description=\"On v\u00e9rifie les bateries\"\n               data-image-slug=\"verrification\"\n               class=\"shutterset_65ca2d44923ab32f105be5a7707b8662\">\n                <img\n                    title=\"Verrification\"\n                    alt=\"Verrification\"\n                    src=\"http:\/\/www.cyril-kalisz.org\/wp-content\/gallery\/000-2012-Atelier\/thumbs\/thumbs_11-OnVerrifieLeMatos.jpg\"\n                    width=\"169\"\n                    height=\"127\"\n                    style=\"max-width:100%;\"\n                \/>\n            <\/a>\n        <\/div>\n\t\t\t\t\t\t\t<\/div> \n\t\t\t\n        \n\t\t\t\t<div id=\"ngg-image-30\" class=\"ngg-gallery-thumbnail-box\" >\n\t\t\t\t        <div class=\"ngg-gallery-thumbnail\">\n            <a href=\"http:\/\/www.cyril-kalisz.org\/wp-content\/gallery\/000-2012-Atelier\/12-Poteaux.jpg\"\n               title=\"Fondations s\u00e8ches, on monte\"\n               data-src=\"http:\/\/www.cyril-kalisz.org\/wp-content\/gallery\/000-2012-Atelier\/12-Poteaux.jpg\"\n               data-thumbnail=\"http:\/\/www.cyril-kalisz.org\/wp-content\/gallery\/000-2012-Atelier\/thumbs\/thumbs_12-Poteaux.jpg\"\n               data-image-id=\"338\"\n               data-title=\"C\\&#039;est sec\"\n               data-description=\"Fondations s\u00e8ches, on monte\"\n               data-image-slug=\"cest-sec\"\n               class=\"shutterset_65ca2d44923ab32f105be5a7707b8662\">\n                <img\n                    title=\"C\\&#039;est sec\"\n                    alt=\"C\\&#039;est sec\"\n                    src=\"http:\/\/www.cyril-kalisz.org\/wp-content\/gallery\/000-2012-Atelier\/thumbs\/thumbs_12-Poteaux.jpg\"\n                    width=\"190\"\n                    height=\"127\"\n                    style=\"max-width:100%;\"\n                \/>\n            <\/a>\n        <\/div>\n\t\t\t\t\t\t\t<\/div> \n\t\t\t\n        \n\t\t\t\t<div id=\"ngg-image-31\" class=\"ngg-gallery-thumbnail-box\" >\n\t\t\t\t        <div class=\"ngg-gallery-thumbnail\">\n            <a href=\"http:\/\/www.cyril-kalisz.org\/wp-content\/gallery\/000-2012-Atelier\/13-Decoupe.jpg\"\n               title=\"D\u00e9gagement dans les ronds de ch\u00e2taigner pour loger les poteaux 9x9cm\"\n               data-src=\"http:\/\/www.cyril-kalisz.org\/wp-content\/gallery\/000-2012-Atelier\/13-Decoupe.jpg\"\n               data-thumbnail=\"http:\/\/www.cyril-kalisz.org\/wp-content\/gallery\/000-2012-Atelier\/thumbs\/thumbs_13-Decoupe.jpg\"\n               data-image-id=\"339\"\n               data-title=\"Les encoches\"\n               data-description=\"D\u00e9gagement dans les ronds de ch\u00e2taigner pour loger les poteaux 9x9cm\"\n               data-image-slug=\"les-encoches\"\n               class=\"shutterset_65ca2d44923ab32f105be5a7707b8662\">\n                <img\n                    title=\"Les encoches\"\n                    alt=\"Les encoches\"\n                    src=\"http:\/\/www.cyril-kalisz.org\/wp-content\/gallery\/000-2012-Atelier\/thumbs\/thumbs_13-Decoupe.jpg\"\n                    width=\"84\"\n                    height=\"127\"\n                    style=\"max-width:100%;\"\n                \/>\n            <\/a>\n        <\/div>\n\t\t\t\t\t\t\t<\/div> \n\t\t\t\n        \n\t\t\t\t<div id=\"ngg-image-32\" class=\"ngg-gallery-thumbnail-box\" >\n\t\t\t\t        <div class=\"ngg-gallery-thumbnail\">\n            <a href=\"http:\/\/www.cyril-kalisz.org\/wp-content\/gallery\/000-2012-Atelier\/14-CaMonte.jpg\"\n               title=\"On monte les poteaux de 2.5m - le d\u00e9nivel\u00e9\"\n               data-src=\"http:\/\/www.cyril-kalisz.org\/wp-content\/gallery\/000-2012-Atelier\/14-CaMonte.jpg\"\n               data-thumbnail=\"http:\/\/www.cyril-kalisz.org\/wp-content\/gallery\/000-2012-Atelier\/thumbs\/thumbs_14-CaMonte.jpg\"\n               data-image-id=\"340\"\n               data-title=\"Les poteaux\"\n               data-description=\"On monte les poteaux de 2.5m - le d\u00e9nivel\u00e9\"\n               data-image-slug=\"les-poteaux\"\n               class=\"shutterset_65ca2d44923ab32f105be5a7707b8662\">\n                <img\n                    title=\"Les poteaux\"\n                    alt=\"Les poteaux\"\n                    src=\"http:\/\/www.cyril-kalisz.org\/wp-content\/gallery\/000-2012-Atelier\/thumbs\/thumbs_14-CaMonte.jpg\"\n                    width=\"190\"\n                    height=\"127\"\n                    style=\"max-width:100%;\"\n                \/>\n            <\/a>\n        <\/div>\n\t\t\t\t\t\t\t<\/div> \n\t\t\t\n        \n\t\t\t\t<div id=\"ngg-image-33\" class=\"ngg-gallery-thumbnail-box\" >\n\t\t\t\t        <div class=\"ngg-gallery-thumbnail\">\n            <a href=\"http:\/\/www.cyril-kalisz.org\/wp-content\/gallery\/000-2012-Atelier\/15-Charpente1.jpg\"\n               title=\"La premi\u00e8re charpente mont\u00e9 et contre-vent\u00e9\"\n               data-src=\"http:\/\/www.cyril-kalisz.org\/wp-content\/gallery\/000-2012-Atelier\/15-Charpente1.jpg\"\n               data-thumbnail=\"http:\/\/www.cyril-kalisz.org\/wp-content\/gallery\/000-2012-Atelier\/thumbs\/thumbs_15-Charpente1.jpg\"\n               data-image-id=\"341\"\n               data-title=\"Charpente\"\n               data-description=\"La premi\u00e8re charpente mont\u00e9 et contre-vent\u00e9\"\n               data-image-slug=\"charpente\"\n               class=\"shutterset_65ca2d44923ab32f105be5a7707b8662\">\n                <img\n                    title=\"Charpente\"\n                    alt=\"Charpente\"\n                    src=\"http:\/\/www.cyril-kalisz.org\/wp-content\/gallery\/000-2012-Atelier\/thumbs\/thumbs_15-Charpente1.jpg\"\n                    width=\"169\"\n                    height=\"127\"\n                    style=\"max-width:100%;\"\n                \/>\n            <\/a>\n        <\/div>\n\t\t\t\t\t\t\t<\/div> \n\t\t\t\n        \n\t\t\t\t<div id=\"ngg-image-34\" class=\"ngg-gallery-thumbnail-box\" >\n\t\t\t\t        <div class=\"ngg-gallery-thumbnail\">\n            <a href=\"http:\/\/www.cyril-kalisz.org\/wp-content\/gallery\/000-2012-Atelier\/16-Couverture.jpg\"\n               title=\"On couvre et on pr\u00e9voie d\u00e9j\u00e0 un agrendissement\"\n               data-src=\"http:\/\/www.cyril-kalisz.org\/wp-content\/gallery\/000-2012-Atelier\/16-Couverture.jpg\"\n               data-thumbnail=\"http:\/\/www.cyril-kalisz.org\/wp-content\/gallery\/000-2012-Atelier\/thumbs\/thumbs_16-Couverture.jpg\"\n               data-image-id=\"342\"\n               data-title=\"Couverture\"\n               data-description=\"On couvre et on pr\u00e9voie d\u00e9j\u00e0 un agrendissement\"\n               data-image-slug=\"couverture-2\"\n               class=\"shutterset_65ca2d44923ab32f105be5a7707b8662\">\n                <img\n                    title=\"Couverture\"\n                    alt=\"Couverture\"\n                    src=\"http:\/\/www.cyril-kalisz.org\/wp-content\/gallery\/000-2012-Atelier\/thumbs\/thumbs_16-Couverture.jpg\"\n                    width=\"190\"\n                    height=\"127\"\n                    style=\"max-width:100%;\"\n                \/>\n            <\/a>\n        <\/div>\n\t\t\t\t\t\t\t<\/div> \n\t\t\t\n        \n\t\t\n\t\t<div class=\"ngg-clear\"><\/div>\n\t<\/div>\n<\/p>\n<div style=\"padding-bottom:20px; padding-top:10px;\" class=\"hupso-share-buttons\"><!-- Hupso Share Buttons - https:\/\/www.hupso.com\/share\/ --><a class=\"hupso_toolbar\" href=\"https:\/\/www.hupso.com\/share\/\"><img decoding=\"async\" src=\"http:\/\/static.hupso.com\/share\/buttons\/dot.png\" style=\"border:0px; padding-top: 5px; float:left;\" alt=\"Share Button\"\/><\/a><script type=\"text\/javascript\">var hupso_services_t=new Array(\"Twitter\",\"Facebook\",\"Google Plus\",\"Pinterest\",\"Digg\",\"Reddit\",\"Bebo\",\"Delicious\");var hupso_background_t=\"#EAF4FF\";var hupso_border_t=\"#66CCFF\";var hupso_toolbar_size_t=\"small\";var hupso_image_folder_url = \"\";var hupso_url_t=\"\";var hupso_title_t=\"L%27atelier\";<\/script><script type=\"text\/javascript\" src=\"http:\/\/static.hupso.com\/share\/js\/share_toolbar.js\"><\/script><!-- Hupso Share Buttons --><\/div>\n","protected":false},"excerpt":{"rendered":"<p>Arriv\u00e9 en basse Corr\u00e8ze en Juin 2012, nous nous sommes install\u00e9 en famille sur un terrain vierge avec notre yourte. Installation temporaire , le temps de construire notre maison. Pour commencer, nous avons construit un abri-bois \u00e0 fin d&rsquo;y abriter nos outils, notre bois de chauffage, et un petit atelier Bois-Metal. L&rsquo;adresse : Cyril Kalisz [&hellip;]<\/p>\n<div style=\"padding-bottom:20px; padding-top:10px;\" class=\"hupso-share-buttons\"><!-- Hupso Share Buttons - https:\/\/www.hupso.com\/share\/ --><a class=\"hupso_toolbar\" href=\"https:\/\/www.hupso.com\/share\/\"><img src=\"http:\/\/static.hupso.com\/share\/buttons\/dot.png\" style=\"border:0px; padding-top: 5px; float:left;\" alt=\"Share Button\"\/><\/a><script type=\"text\/javascript\">var hupso_services_t=new Array(\"Twitter\",\"Facebook\",\"Google Plus\",\"Pinterest\",\"Digg\",\"Reddit\",\"Bebo\",\"Delicious\");var hupso_background_t=\"#EAF4FF\";var hupso_border_t=\"#66CCFF\";var hupso_toolbar_size_t=\"small\";var hupso_image_folder_url = \"\";var hupso_url_t=\"\";var hupso_title_t=\"L%27atelier\";<\/script><script type=\"text\/javascript\" src=\"http:\/\/static.hupso.com\/share\/js\/share_toolbar.js\"><\/script><!-- Hupso Share Buttons --><\/div>","protected":false},"author":1,"featured_media":0,"parent":0,"menu_order":0,"comment_status":"closed","ping_status":"closed","template":"","meta":{"ngg_post_thumbnail":0,"footnotes":""},"class_list":["post-104","page","type-page","status-publish","hentry","entry"],"_links":{"self":[{"href":"http:\/\/www.cyril-kalisz.org\/index.php?rest_route=\/wp\/v2\/pages\/104","targetHints":{"allow":["GET"]}}],"collection":[{"href":"http:\/\/www.cyril-kalisz.org\/index.php?rest_route=\/wp\/v2\/pages"}],"about":[{"href":"http:\/\/www.cyril-kalisz.org\/index.php?rest_route=\/wp\/v2\/types\/page"}],"author":[{"embeddable":true,"href":"http:\/\/www.cyril-kalisz.org\/index.php?rest_route=\/wp\/v2\/users\/1"}],"replies":[{"embeddable":true,"href":"http:\/\/www.cyril-kalisz.org\/index.php?rest_route=%2Fwp%2Fv2%2Fcomments&post=104"}],"version-history":[{"count":32,"href":"http:\/\/www.cyril-kalisz.org\/index.php?rest_route=\/wp\/v2\/pages\/104\/revisions"}],"predecessor-version":[{"id":2146,"href":"http:\/\/www.cyril-kalisz.org\/index.php?rest_route=\/wp\/v2\/pages\/104\/revisions\/2146"}],"wp:attachment":[{"href":"http:\/\/www.cyril-kalisz.org\/index.php?rest_route=%2Fwp%2Fv2%2Fmedia&parent=104"}],"curies":[{"name":"wp","href":"https:\/\/api.w.org\/{rel}","templated":true}]}}